{"id":881,"date":"2022-03-29T21:52:49","date_gmt":"2022-03-29T21:52:49","guid":{"rendered":"https:\/\/www.ermenswil.ch\/?page_id=881"},"modified":"2026-02-17T21:38:10","modified_gmt":"2026-02-17T21:38:10","slug":"partnervereine","status":"publish","type":"page","link":"https:\/\/www.ermenswil.ch\/index.php\/der-verein\/partnervereine\/","title":{"rendered":"Partnervereine"},"content":{"rendered":"\n<p>Wir sind mit den Vereinen aus den Ortsteilen Eschenbach und St. Gallenkappel eine Partnerschaft eingegangen, ohne unsere Eigenst\u00e4ndigkeit aufzuheben. Mit dieser Zusammenarbeit nutzen wir Synergien, profitieren gegenseitig von Ressourcen und vernetzen uns noch mehr mit der Gemeinde.<\/p>\n\n\n\n<p>Als Mitglied k\u00f6nnen Sie von dieser Zusammenarbeit profitieren. Wie bis anhin bezahlen Sie bei einer Familienorganisation (pro Ermenswil, Familienzentrum St. Gallenkappel&nbsp;oder&nbsp;Familienforum Eschenbach) die Mitgliedschaft. Damit ist die gew\u00e4hlte Familienorganisation Ihr &#8222;Stammverein\u201c. Die Rechnung f\u00fcr die Mitgliedschaft erhalten Sie im gleichen Zeitraum wie in den vergangenen Jahren. Von Ihrem &#8222;Stammverein\u201c werden Sie zur GV eingeladen und Sie haben Vorrang bei den angebotenen Kursen. Neu kommt jetzt dazu, dass Sie als Mitglied auch alle anderen Kurse der anderen Familienvereine ohne Aufpreis besuchen k\u00f6nnen. Somit wird das Angebot f\u00fcr alle Mitglieder noch vielf\u00e4ltiger und attraktiver.&nbsp;<\/p>\n\n\n\n<p>Nachfolgend haben wir die Angebote unserer Partnervereine aufgelistet. Somit haben Sie das vielf\u00e4ltige Angebot im \u00dcberblick. Um die genauen Details zu erfahren, bitten wir Sie, die Website des entsprechenden Vereins zu besuchen.<\/p>\n\n\n\n<p>Eine Zusammenfassung der Aktivit\u00e4ten aller Vereine finden Sie auch in unserer <a href=\"https:\/\/www.ermenswil.ch\/index.php\/agenda\/\" data-type=\"page\" data-id=\"11\">Agenda<\/a>.<\/p>\n\n\n\n<div class=\"wp-block-columns is-layout-flex wp-container-core-columns-is-layout-9d6595d7 wp-block-columns-is-layout-flex\">\n<div class=\"wp-block-column is-layout-flow wp-block-column-is-layout-flow\">\n<p><strong>Familienzentrum St. Gallenkappel<\/strong><\/p>\n\n\n\n<ul class=\"wp-block-list\">\n<li>Tr\u00e4ffpunktkaffi<\/li>\n\n\n\n<li>Krabbelgruppe (Krabbelalter &#8211; Kindergarteneintritt)<\/li>\n\n\n\n<li>Chinderh\u00fceti (ab 18 Monaten)<\/li>\n\n\n\n<li>M\u00fc\u00fcslitreff (2 Monate &#8211; ca. 18 Monate)<\/li>\n\n\n\n<li>Gschichtliziit (ab 18 Monaten)<\/li>\n\n\n\n<li>Chindercoiffeur<\/li>\n\n\n\n<li>verschiedene Anl\u00e4sse<\/li>\n<\/ul>\n<\/div>\n\n\n\n<div class=\"wp-block-column is-layout-flow wp-block-column-is-layout-flow\">\n<p><strong>Familienforum Eschenbach<\/strong><\/p>\n\n\n\n<ul class=\"wp-block-list\">\n<li>viele verschiede Kurse f\u00fcr jedes Alter<\/li>\n\n\n\n<li>Elternbildungsanl\u00e4sse<\/li>\n\n\n\n<li>Chasperli<\/li>\n\n\n\n<li>Kino-Nachmittag<\/li>\n\n\n\n<li>Bewegungslandschaft<\/li>\n\n\n\n<li>Spiel&amp;Spass in der Turnhalle<\/li>\n\n\n\n<li>Kinderflohmarkt<\/li>\n\n\n\n<li>Kinderkleider- und Spielwarenb\u00f6rse<\/li>\n\n\n\n<li>R\u00e4beliechtliumzug<\/li>\n\n\n\n<li>Babysittervermittlung<\/li>\n<\/ul>\n<\/div>\n<\/div>\n\n\n\n<div class=\"wp-block-columns is-layout-flex wp-container-core-columns-is-layout-9d6595d7 wp-block-columns-is-layout-flex\">\n<div class=\"wp-block-column is-layout-flow wp-block-column-is-layout-flow\">\n<p><a href=\"https:\/\/www.familienzentrum-stgallenkappel.ch\/agenda\" target=\"_blank\" rel=\"noreferrer noopener\">www.familienzentrum-stgallenkappel.ch<\/a><\/p>\n<\/div>\n\n\n\n<div class=\"wp-block-column is-layout-flow wp-block-column-is-layout-flow\">\n<p><a href=\"https:\/\/www.familienforum-eschenbach.ch\/\" target=\"_blank\" rel=\"noreferrer noopener\">www.familienforum-eschenbach.ch<\/a><\/p>\n<\/div>\n<\/div>\n\n\n\n<div class=\"wp-block-columns is-layout-flex wp-container-core-columns-is-layout-9d6595d7 wp-block-columns-is-layout-flex\">\n<div class=\"wp-block-column is-layout-flow wp-block-column-is-layout-flow\">\n<figure class=\"wp-block-image size-full\"><a href=\"https:\/\/www.familienzentrum-stgallenkappel.ch\/\" target=\"_blank\" rel=\" noreferrer noopener\"><img loading=\"lazy\" decoding=\"async\" width=\"357\" height=\"233\" src=\"https:\/\/www.ermenswil.ch\/wp-content\/uploads\/2022\/03\/logo-3.png\" alt=\"\" class=\"wp-image-891\" srcset=\"https:\/\/www.ermenswil.ch\/wp-content\/uploads\/2022\/03\/logo-3.png 357w, https:\/\/www.ermenswil.ch\/wp-content\/uploads\/2022\/03\/logo-3-300x196.png 300w\" sizes=\"auto, (max-width: 357px) 100vw, 357px\" \/><\/a><\/figure>\n<\/div>\n\n\n\n<div class=\"wp-block-column is-layout-flow wp-block-column-is-layout-flow\">\n<figure class=\"wp-block-image size-full\"><a href=\"https:\/\/www.familienforum-eschenbach.ch\/\" target=\"_blank\" rel=\" noreferrer noopener\"><img loading=\"lazy\" decoding=\"async\" width=\"320\" height=\"191\" src=\"https:\/\/www.ermenswil.ch\/wp-content\/uploads\/2022\/03\/FamilienForumEschenbach_Logo.png\" alt=\"\" class=\"wp-image-883\" srcset=\"https:\/\/www.ermenswil.ch\/wp-content\/uploads\/2022\/03\/FamilienForumEschenbach_Logo.png 320w, https:\/\/www.ermenswil.ch\/wp-content\/uploads\/2022\/03\/FamilienForumEschenbach_Logo-300x179.png 300w\" sizes=\"auto, (max-width: 320px) 100vw, 320px\" \/><\/a><\/figure>\n<\/div>\n<\/div>\n\n\n\n<p><\/p>\n","protected":false},"excerpt":{"rendered":"<p>Wir sind mit den Vereinen aus den Ortsteilen Eschenbach und St. Gallenkappel eine Partnerschaft eingegangen, ohne unsere Eigenst\u00e4ndigkeit aufzuheben. Mit dieser Zusammenarbeit nutzen wir Synergien, &hellip; <\/p>\n","protected":false},"author":1,"featured_media":0,"parent":25,"menu_order":0,"comment_status":"closed","ping_status":"closed","template":"","meta":{"ngg_post_thumbnail":0,"footnotes":""},"class_list":["post-881","page","type-page","status-publish","hentry"],"publishpress_future_action":{"enabled":false,"date":"2026-05-07 20:44:55","action":"change-status","newStatus":"draft","terms":[],"taxonomy":"","extraData":[]},"publishpress_future_workflow_manual_trigger":{"enabledWorkflows":[]},"_links":{"self":[{"href":"https:\/\/www.ermenswil.ch\/index.php\/wp-json\/wp\/v2\/pages\/881","targetHints":{"allow":["GET"]}}],"collection":[{"href":"https:\/\/www.ermenswil.ch\/index.php\/wp-json\/wp\/v2\/pages"}],"about":[{"href":"https:\/\/www.ermenswil.ch\/index.php\/wp-json\/wp\/v2\/types\/page"}],"author":[{"embeddable":true,"href":"https:\/\/www.ermenswil.ch\/index.php\/wp-json\/wp\/v2\/users\/1"}],"replies":[{"embeddable":true,"href":"https:\/\/www.ermenswil.ch\/index.php\/wp-json\/wp\/v2\/comments?post=881"}],"version-history":[{"count":9,"href":"https:\/\/www.ermenswil.ch\/index.php\/wp-json\/wp\/v2\/pages\/881\/revisions"}],"predecessor-version":[{"id":2806,"href":"https:\/\/www.ermenswil.ch\/index.php\/wp-json\/wp\/v2\/pages\/881\/revisions\/2806"}],"up":[{"embeddable":true,"href":"https:\/\/www.ermenswil.ch\/index.php\/wp-json\/wp\/v2\/pages\/25"}],"wp:attachment":[{"href":"https:\/\/www.ermenswil.ch\/index.php\/wp-json\/wp\/v2\/media?parent=881"}],"curies":[{"name":"wp","href":"https:\/\/api.w.org\/{rel}","templated":true}]}}