{"id":6,"date":"2021-09-22T20:14:56","date_gmt":"2021-09-22T20:14:56","guid":{"rendered":"https:\/\/neu1.ermenswil.ch\/cms\/?page_id=6"},"modified":"2025-03-09T20:19:24","modified_gmt":"2025-03-09T20:19:24","slug":"willkommen","status":"publish","type":"page","link":"https:\/\/www.ermenswil.ch\/","title":{"rendered":"Willkommen"},"content":{"rendered":"\n<p><strong>Herzlich Willkommen beim Verein Pro Ermenswil!<\/strong><\/p>\n\n\n\n<p>Wir freuen uns, dass Sie uns besuchen!<\/p>\n\n\n\n<p>Hier erfahren Sie immer top-aktuell alles rund um Ermenswil, \u00fcber unseren Verein, unsere n\u00e4chsten Veranstaltungen oder bl\u00e4ttern Sie einfach in unserem Fotoalbum.<\/p>\n\n\n\n<p>Selbstverst\u00e4ndlich w\u00fcrden wir uns auch \u00fcber Ihre <a href=\"https:\/\/www.ermenswil.ch\/index.php\/mitgliedschaft\/\" data-type=\"page\" data-id=\"2388\">Mitgliedschaft <\/a>freuen.<\/p>\n\n\n\n<figure class=\"wp-block-image size-full\"><img loading=\"lazy\" decoding=\"async\" width=\"500\" height=\"207\" src=\"https:\/\/neu1.ermenswil.ch\/cms\/wp-content\/uploads\/2021\/10\/collage_start.png\" alt=\"\" class=\"wp-image-300\" srcset=\"https:\/\/www.ermenswil.ch\/wp-content\/uploads\/2021\/10\/collage_start.png 500w, https:\/\/www.ermenswil.ch\/wp-content\/uploads\/2021\/10\/collage_start-300x124.png 300w\" sizes=\"auto, (max-width: 500px) 100vw, 500px\" \/><\/figure>\n\n\n\n<p><strong><strong>Hier k\u00f6nnen Sie sich f\u00fcr unseren Newsletter anmelden:<\/strong><\/strong><\/p>\n\n\n            <section class=\"widget widget_newsletter2go\">\n                    <div class=\"nl2go-widget\"><script id=\"69f3adbd1609a\">\n    !function (e, t, n, c, r, a, i) {\n        e.Newsletter2GoTrackingObject = r, e[r] = e[r] || function () {\n                (e[r].q = e[r].q || []).push(arguments)\n            }, e[r].l = 1 * new Date, a = t.createElement(n), i = t.getElementsByTagName(n)[0], a.async = 1, a.src = c, i.parentNode.insertBefore(a, i)\n    }(window, document, \"script\", \"https:\/\/static.newsletter2go.com\/utils.js\", \"n2g\");\n    n2g(\"create\", \"\");\n    n2g('subscribe:createForm', {\r\n  \"form\": {\r\n    \"class\": \"\",\r\n    \"style\": \"\"\r\n  },\r\n  \"container\": {\r\n    \"type\": \"div\",\r\n    \"class\": \"\",\r\n    \"style\": \"width: 100%;\"\r\n  },\r\n  \"row\": {\r\n    \"type\": \"div\",\r\n    \"class\": \"\",\r\n    \"style\": \"\"\r\n  },\r\n  \"columnLeft\": {\r\n    \"type\": \"div\",\r\n    \"class\": \"\",\r\n    \"style\": \"width: 40%; padding: 10px 5px; display: inline-block;\"\r\n  },\r\n  \"columnRight\": {\r\n    \"type\": \"div\",\r\n    \"class\": \"\",\r\n    \"style\": \" width: 60%; display: inline-block;\"\r\n  },\r\n  \"checkbox\": {\r\n    \"type\": \"input\",\r\n    \"class\": \"\",\r\n    \"style\": \"\"\r\n  },\r\n  \"separator\": {\r\n    \"type\": \"br\",\r\n    \"class\": \"\",\r\n    \"style\": \"\"\r\n  },\r\n  \"input\": {\r\n    \"class\": \"\",\r\n    \"style\": \"padding: 5px 10px; border-radius: 2px; border: 1px solid #d8dee4;\"\r\n  },\r\n  \"dropdown\": {\r\n    \"type\": \"select\",\r\n    \"class\": \"\",\r\n    \"style\": \"padding: 3px 5px; border-radius: 2px; border: 1px solid #d8dee4;\"\r\n  },\r\n  \"button\": {\r\n    \"type\": \"button\",\r\n    \"class\": \"\",\r\n    \"id\": \"\",\r\n    \"style\": \"background-color:#c6223b; border: none; border-radius: 4px; padding: 10px 20px; color: #ffffff; margin-top: 20px; cursor: pointer;\"\r\n  },\r\n  \"label\": {\r\n    \"type\": \"label\",\r\n    \"class\": \"\",\r\n    \"style\": \"padding-left: 5px; display: inline-block;\"\r\n  },\r\n  \"loader\": {\r\n    \"type\": \"img\",\r\n    \"src\": \"\/\/www.newsletter2go.com\/images\/loader.svg\",\r\n    \"class\": \"\",\r\n    \"style\": \"margin: auto; display:block;\"\r\n  },\r\n  \"message\": {\r\n    \"type\": \"h2\",\r\n    \"class\": \"\",\r\n    \"id\": \"\",\r\n    \"style\": \"text-align: center;\"\r\n  }\r\n},\"69f3adbd1609a\");\n<\/script><\/div>\n            <\/section>\n\n\n\n<p>Auf unserer <a href=\"https:\/\/www.ermenswil.ch\/index.php\/kontakt\/\" data-type=\"page\" data-id=\"21\">Kontakt-Seite<\/a> erfahren Sie alle M\u00f6glichkeiten, wie Sie uns erreichen k\u00f6nnen.<\/p>\n\n\n\n<p><\/p>\n","protected":false},"excerpt":{"rendered":"<p>Herzlich Willkommen beim Verein Pro Ermenswil! Wir freuen uns, dass Sie uns besuchen! Hier erfahren Sie immer top-aktuell alles rund um Ermenswil, \u00fcber unseren Verein, &hellip; <\/p>\n","protected":false},"author":1,"featured_media":0,"parent":0,"menu_order":0,"comment_status":"closed","ping_status":"closed","template":"","meta":{"ngg_post_thumbnail":0,"footnotes":""},"class_list":["post-6","page","type-page","status-publish","hentry"],"publishpress_future_action":{"enabled":false,"date":"2026-05-07 19:30:05","action":"change-status","newStatus":"draft","terms":[],"taxonomy":"","extraData":[]},"publishpress_future_workflow_manual_trigger":{"enabledWorkflows":[]},"_links":{"self":[{"href":"https:\/\/www.ermenswil.ch\/index.php\/wp-json\/wp\/v2\/pages\/6","targetHints":{"allow":["GET"]}}],"collection":[{"href":"https:\/\/www.ermenswil.ch\/index.php\/wp-json\/wp\/v2\/pages"}],"about":[{"href":"https:\/\/www.ermenswil.ch\/index.php\/wp-json\/wp\/v2\/types\/page"}],"author":[{"embeddable":true,"href":"https:\/\/www.ermenswil.ch\/index.php\/wp-json\/wp\/v2\/users\/1"}],"replies":[{"embeddable":true,"href":"https:\/\/www.ermenswil.ch\/index.php\/wp-json\/wp\/v2\/comments?post=6"}],"version-history":[{"count":16,"href":"https:\/\/www.ermenswil.ch\/index.php\/wp-json\/wp\/v2\/pages\/6\/revisions"}],"predecessor-version":[{"id":2393,"href":"https:\/\/www.ermenswil.ch\/index.php\/wp-json\/wp\/v2\/pages\/6\/revisions\/2393"}],"wp:attachment":[{"href":"https:\/\/www.ermenswil.ch\/index.php\/wp-json\/wp\/v2\/media?parent=6"}],"curies":[{"name":"wp","href":"https:\/\/api.w.org\/{rel}","templated":true}]}}